{"id":2,"date":"2017-08-24T09:28:08","date_gmt":"2017-08-24T09:28:08","guid":{"rendered":"http:\/\/&#038;&#038;&#038;RUTAWEB&#038;&#038;&#038;?page_id=2"},"modified":"2019-12-29T14:30:22","modified_gmt":"2019-12-29T14:30:22","slug":"sample-page","status":"publish","type":"page","link":"https:\/\/www.olibec.com\/","title":{"rendered":"Huile d&rsquo;olive et d&rsquo;autres produits fins de Catalogne"},"content":{"rendered":"<div class=\"slider-wrapper\"><div class=\"ribbon\"><\/div><div id=\"nivoslider-VhtrX-63\" class=\"nivoSlider\"><img decoding=\"async\" src=\"https:\/\/www.olibec.com\/wp-content\/uploads\/2017\/10\/mestral-001-1.jpg\" alt=\"\" \/><img decoding=\"async\" src=\"https:\/\/www.olibec.com\/wp-content\/uploads\/2017\/10\/mestral-006.jpg\" alt=\"\" \/><img decoding=\"async\" src=\"https:\/\/www.olibec.com\/wp-content\/uploads\/2017\/10\/mestral-003-1.jpg\" alt=\"\" \/><img decoding=\"async\" src=\"https:\/\/www.olibec.com\/wp-content\/uploads\/2017\/10\/mestral-002-1.jpg\" alt=\"\" \/><img decoding=\"async\" src=\"https:\/\/www.olibec.com\/wp-content\/uploads\/2017\/10\/mestral-005.jpg\" alt=\"\" \/><img decoding=\"async\" src=\"https:\/\/www.olibec.com\/wp-content\/uploads\/2017\/10\/mestral-004.jpg\" alt=\"\" \/><\/div><\/div><script type=\"text\/javascript\">\nwindow.onload = function(){\n    jQuery(\"#nivoslider-VhtrX-63\").nivoSlider({\n        effect:\"fade\",\n        slices:15,\n        boxCols:8,\n        boxRows:4,\n        animSpeed:500,\n        pauseTime:3000,\n        startSlide:0,\n        directionNav:true,\n        controlNav:true,\n        controlNavThumbs:false,\n        pauseOnHover:true,\n        manualAdvance:false\n    });\n};\n<\/script>\n\n\n\n<p><img loading=\"lazy\" decoding=\"async\" class=\"wp-image-73 size-full alignright\" src=\"http:\/\/www.olibec.com\/wp-content\/uploads\/2017\/08\/Olibec3-1.png\" alt=\"\" width=\"197\" height=\"133\"><\/p>\n<p>Terre d&rsquo;oliviers, la <strong>Catalogne<\/strong> produit quelques-unes des huiles d&rsquo;olive les plus s\u00e9lectes en <strong>M\u00e9diterran\u00e9e<\/strong>. Parmi les diff\u00e9rentes vari\u00e9t\u00e9s, l&rsquo;<strong>huile d\u2019olive <em>arbequina<\/em><\/strong> est l&rsquo;une des plus r\u00e9put\u00e9es.<\/p>\n<p><strong>Olibec<\/strong> importe l&rsquo;huile Mestral : 100 % extra vierge de la varit\u00e9 arbequina, import\u00e9e directement de la <a href=\"https:\/\/www.olibec.com\/index.php\/cooperativa-agricola-de-cambrils\/\" target=\"_blank\" rel=\"noopener noreferrer\"><strong>Coop\u00e9rative agricole de Cambrils<\/strong><\/a> (au sud de la Catalogne) et au meilleur prix dans sa cat\u00e9gorie \u00e0 Montr\u00e9al.<\/p>\n<p>En 2018, la Coop\u00e9rative de Cambrils, d&rsquo;o\u00f9 vient l&rsquo;huile Mestral, a rejoint l\u2019<a href=\"http:\/\/www.qvextra.es\/?lang=en\" target=\"_blank\" rel=\"noopener noreferrer\">association internationale QVExtra<\/a>, qui regroupe quelques-uns des producteurs les plus prestigieux d\u2019Italie et d\u2019Espagne, dot\u00e9s du certificat de qualit\u00e9 huile d\u2019olive vierge extra portant la certification <strong>SIQEV<\/strong>, qui garantit la qualit\u00e9 des produits. Une huile d&rsquo;olive extra vierge d&rsquo;excellence.<span style=\"color: #ffffff;\">.<\/span><br>\n<span style=\"color: #ffffff;\">.<\/span><br>\n<span style=\"color: #ffffff;\">.<\/span><br>\n<img loading=\"lazy\" decoding=\"async\" class=\"alignleft wp-image-270 size-thumbnail\" src=\"http:\/\/www.olibec.com\/wp-content\/uploads\/2018\/03\/ccquebec-2016-560x560-150x150.jpg\" alt=\"\" width=\"150\" height=\"150\" srcset=\"https:\/\/www.olibec.com\/wp-content\/uploads\/2018\/03\/ccquebec-2016-560x560-150x150.jpg 150w, https:\/\/www.olibec.com\/wp-content\/uploads\/2018\/03\/ccquebec-2016-560x560-300x300.jpg 300w, https:\/\/www.olibec.com\/wp-content\/uploads\/2018\/03\/ccquebec-2016-560x560-324x324.jpg 324w, https:\/\/www.olibec.com\/wp-content\/uploads\/2018\/03\/ccquebec-2016-560x560-416x416.jpg 416w, https:\/\/www.olibec.com\/wp-content\/uploads\/2018\/03\/ccquebec-2016-560x560-100x100.jpg 100w, https:\/\/www.olibec.com\/wp-content\/uploads\/2018\/03\/ccquebec-2016-560x560.jpg 560w\" sizes=\"auto, (max-width: 150px) 100vw, 150px\" \/>En achetant de l&rsquo;huile d&rsquo;olive chez Olibec, vous contribuez \u00e0 la promotion de la litt\u00e9rature et des arts de la sc\u00e8ne catalanes \u00e0 Montr\u00e9al.&nbsp;En effet, en tant qu\u2019entreprise socialement engag\u00e9e, Olibec a pour mission d&rsquo;encourager les initiatives et activit\u00e9s culturelles de <strong><a href=\"http:\/\/www.montreal.cat\">Montr\u00e9al\u00b7CAT<\/a><\/strong>, le comit\u00e9 du <strong><a href=\"http:\/\/www.ccquebec.cat\">Cercle culturel catalan<\/a><\/strong> du Qu\u00e9bec \u00ab vou\u00e9 \u00e0 la promotion des arts de la sc\u00e8ne, du cin\u00e9ma, de la musique et de la litt\u00e9rature de la Catalogne et de l&rsquo;ensemble des Pays Catalans&nbsp;dans le r\u00e9seau culturel de la Ville de Montr\u00e9al. \u00bb<\/p>\n<p>Profitez d&rsquo;un <a href=\"http:\/\/www.ccquebec.cat\/oli\">tarif sp\u00e9cial&nbsp;exclusif<\/a> pour les membres du Cercle culturel catalan du Qu\u00e9bec.&nbsp;Pour ce faire, devenez membre du Cercle:&nbsp;<a href=\"http:\/\/www.ccquebec.cat\/devenirmembre\" target=\"_blank\" rel=\"noopener noreferrer\">www.ccquebec.cat\/devenirmembre<\/a><\/p>\n<hr>\n<h4><img loading=\"lazy\" decoding=\"async\" class=\"alignnone size-full wp-image-417\" src=\"http:\/\/www.olibec.com\/wp-content\/uploads\/2018\/11\/logo-olibec-oct-2018-long.jpg\" alt=\"\" width=\"1073\" height=\"162\" srcset=\"https:\/\/www.olibec.com\/wp-content\/uploads\/2018\/11\/logo-olibec-oct-2018-long.jpg 1073w, https:\/\/www.olibec.com\/wp-content\/uploads\/2018\/11\/logo-olibec-oct-2018-long-300x45.jpg 300w, https:\/\/www.olibec.com\/wp-content\/uploads\/2018\/11\/logo-olibec-oct-2018-long-768x116.jpg 768w, https:\/\/www.olibec.com\/wp-content\/uploads\/2018\/11\/logo-olibec-oct-2018-long-1024x155.jpg 1024w, https:\/\/www.olibec.com\/wp-content\/uploads\/2018\/11\/logo-olibec-oct-2018-long-416x63.jpg 416w\" sizes=\"auto, (max-width: 1073px) 100vw, 1073px\" \/><\/h4>\n<h4><\/h4>\n<h4><span style=\"color: #808000;\">Olibec importe directement des coop\u00e9ratives locales de la Catalogne afin de vous offrir des produits qui repr\u00e9sentent un choix engag\u00e9 envers la langue et la culture catalanes au Qu\u00e9bec.<\/span><\/h4>","protected":false},"excerpt":{"rendered":"<p>Terre d&rsquo;oliviers, la Catalogne produit quelques-unes des huiles d&rsquo;olive les plus s\u00e9lectes en M\u00e9diterran\u00e9e. Parmi les diff\u00e9rentes vari\u00e9t\u00e9s, l&rsquo;huile d\u2019olive arbequina est l&rsquo;une des plus r\u00e9put\u00e9es. Olibec importe l&rsquo;huile Mestral : 100 % extra vierge de la varit\u00e9 arbequina, import\u00e9e directement de la Coop\u00e9rative agricole de Cambrils (au sud de la Catalogne) et au meilleur [&hellip;]<\/p>\n","protected":false},"author":2,"featured_media":0,"parent":0,"menu_order":0,"comment_status":"closed","ping_status":"open","template":"template-homepage.php","meta":{"jetpack_post_was_ever_published":false,"footnotes":""},"class_list":["post-2","page","type-page","status-publish","hentry"],"yoast_head":"<!-- This site is optimized with the Yoast SEO plugin v26.4 - https:\/\/yoast.com\/wordpress\/plugins\/seo\/ -->\n<title>Huile d&#039;olive et d&#039;autres produits fins de Catalogne - Olibec<\/title>\n<meta name=\"robots\" content=\"index, follow, max-snippet:-1, max-image-preview:large, max-video-preview:-1\" \/>\n<link rel=\"canonical\" href=\"https:\/\/www.olibec.com\/\" \/>\n<meta property=\"og:locale\" content=\"fr_CA\" \/>\n<meta property=\"og:type\" content=\"article\" \/>\n<meta property=\"og:title\" content=\"Huile d&#039;olive et d&#039;autres produits fins de Catalogne - Olibec\" \/>\n<meta property=\"og:description\" content=\"Terre d&rsquo;oliviers, la Catalogne produit quelques-unes des huiles d&rsquo;olive les plus s\u00e9lectes en M\u00e9diterran\u00e9e. Parmi les diff\u00e9rentes vari\u00e9t\u00e9s, l&rsquo;huile d\u2019olive arbequina est l&rsquo;une des plus r\u00e9put\u00e9es. Olibec importe l&rsquo;huile Mestral : 100 % extra vierge de la varit\u00e9 arbequina, import\u00e9e directement de la Coop\u00e9rative agricole de Cambrils (au sud de la Catalogne) et au meilleur [&hellip;]\" \/>\n<meta property=\"og:url\" content=\"https:\/\/www.olibec.com\/\" \/>\n<meta property=\"og:site_name\" content=\"Olibec\" \/>\n<meta property=\"article:publisher\" content=\"https:\/\/www.facebook.com\/olibecMTL\" \/>\n<meta property=\"article:modified_time\" content=\"2019-12-29T14:30:22+00:00\" \/>\n<meta property=\"og:image\" content=\"http:\/\/www.olibec.com\/wp-content\/uploads\/2017\/08\/Olibec3-1.png\" \/>\n<meta name=\"twitter:card\" content=\"summary_large_image\" \/>\n<meta name=\"twitter:label1\" content=\"Estimation du temps de lecture\" \/>\n\t<meta name=\"twitter:data1\" content=\"1 minute\" \/>\n<script type=\"application\/ld+json\" class=\"yoast-schema-graph\">{\"@context\":\"https:\/\/schema.org\",\"@graph\":[{\"@type\":\"WebPage\",\"@id\":\"https:\/\/www.olibec.com\/\",\"url\":\"https:\/\/www.olibec.com\/\",\"name\":\"Huile d'olive et d'autres produits fins de Catalogne - Olibec\",\"isPartOf\":{\"@id\":\"https:\/\/www.olibec.com\/#website\"},\"primaryImageOfPage\":{\"@id\":\"https:\/\/www.olibec.com\/#primaryimage\"},\"image\":{\"@id\":\"https:\/\/www.olibec.com\/#primaryimage\"},\"thumbnailUrl\":\"http:\/\/www.olibec.com\/wp-content\/uploads\/2017\/08\/Olibec3-1.png\",\"datePublished\":\"2017-08-24T09:28:08+00:00\",\"dateModified\":\"2019-12-29T14:30:22+00:00\",\"breadcrumb\":{\"@id\":\"https:\/\/www.olibec.com\/#breadcrumb\"},\"inLanguage\":\"fr-CA\",\"potentialAction\":[{\"@type\":\"ReadAction\",\"target\":[\"https:\/\/www.olibec.com\/\"]}]},{\"@type\":\"ImageObject\",\"inLanguage\":\"fr-CA\",\"@id\":\"https:\/\/www.olibec.com\/#primaryimage\",\"url\":\"http:\/\/www.olibec.com\/wp-content\/uploads\/2017\/08\/Olibec3-1.png\",\"contentUrl\":\"http:\/\/www.olibec.com\/wp-content\/uploads\/2017\/08\/Olibec3-1.png\"},{\"@type\":\"BreadcrumbList\",\"@id\":\"https:\/\/www.olibec.com\/#breadcrumb\",\"itemListElement\":[{\"@type\":\"ListItem\",\"position\":1,\"name\":\"Accueil\",\"item\":\"https:\/\/www.olibec.com\/\"},{\"@type\":\"ListItem\",\"position\":2,\"name\":\"Huile d&rsquo;olive et d&rsquo;autres produits fins de Catalogne\"}]},{\"@type\":\"WebSite\",\"@id\":\"https:\/\/www.olibec.com\/#website\",\"url\":\"https:\/\/www.olibec.com\/\",\"name\":\"Olibec\",\"description\":\"Huile d&#039;olive et d&#039;autres produits fins de Catalogne\",\"publisher\":{\"@id\":\"https:\/\/www.olibec.com\/#organization\"},\"potentialAction\":[{\"@type\":\"SearchAction\",\"target\":{\"@type\":\"EntryPoint\",\"urlTemplate\":\"https:\/\/www.olibec.com\/?s={search_term_string}\"},\"query-input\":{\"@type\":\"PropertyValueSpecification\",\"valueRequired\":true,\"valueName\":\"search_term_string\"}}],\"inLanguage\":\"fr-CA\"},{\"@type\":\"Organization\",\"@id\":\"https:\/\/www.olibec.com\/#organization\",\"name\":\"Olibec\",\"url\":\"https:\/\/www.olibec.com\/\",\"logo\":{\"@type\":\"ImageObject\",\"inLanguage\":\"fr-CA\",\"@id\":\"https:\/\/www.olibec.com\/#\/schema\/logo\/image\/\",\"url\":\"https:\/\/www.olibec.com\/wp-content\/uploads\/2018\/11\/cropped-logo-olibec-oct-2018-1.jpg\",\"contentUrl\":\"https:\/\/www.olibec.com\/wp-content\/uploads\/2018\/11\/cropped-logo-olibec-oct-2018-1.jpg\",\"width\":564,\"height\":166,\"caption\":\"Olibec\"},\"image\":{\"@id\":\"https:\/\/www.olibec.com\/#\/schema\/logo\/image\/\"},\"sameAs\":[\"https:\/\/www.facebook.com\/olibecMTL\"]}]}<\/script>\n<!-- \/ Yoast SEO plugin. -->","yoast_head_json":{"title":"Huile d'olive et d'autres produits fins de Catalogne - Olibec","robots":{"index":"index","follow":"follow","max-snippet":"max-snippet:-1","max-image-preview":"max-image-preview:large","max-video-preview":"max-video-preview:-1"},"canonical":"https:\/\/www.olibec.com\/","og_locale":"fr_CA","og_type":"article","og_title":"Huile d'olive et d'autres produits fins de Catalogne - Olibec","og_description":"Terre d&rsquo;oliviers, la Catalogne produit quelques-unes des huiles d&rsquo;olive les plus s\u00e9lectes en M\u00e9diterran\u00e9e. Parmi les diff\u00e9rentes vari\u00e9t\u00e9s, l&rsquo;huile d\u2019olive arbequina est l&rsquo;une des plus r\u00e9put\u00e9es. Olibec importe l&rsquo;huile Mestral : 100 % extra vierge de la varit\u00e9 arbequina, import\u00e9e directement de la Coop\u00e9rative agricole de Cambrils (au sud de la Catalogne) et au meilleur [&hellip;]","og_url":"https:\/\/www.olibec.com\/","og_site_name":"Olibec","article_publisher":"https:\/\/www.facebook.com\/olibecMTL","article_modified_time":"2019-12-29T14:30:22+00:00","og_image":[{"url":"http:\/\/www.olibec.com\/wp-content\/uploads\/2017\/08\/Olibec3-1.png","type":"","width":"","height":""}],"twitter_card":"summary_large_image","twitter_misc":{"Estimation du temps de lecture":"1 minute"},"schema":{"@context":"https:\/\/schema.org","@graph":[{"@type":"WebPage","@id":"https:\/\/www.olibec.com\/","url":"https:\/\/www.olibec.com\/","name":"Huile d'olive et d'autres produits fins de Catalogne - Olibec","isPartOf":{"@id":"https:\/\/www.olibec.com\/#website"},"primaryImageOfPage":{"@id":"https:\/\/www.olibec.com\/#primaryimage"},"image":{"@id":"https:\/\/www.olibec.com\/#primaryimage"},"thumbnailUrl":"http:\/\/www.olibec.com\/wp-content\/uploads\/2017\/08\/Olibec3-1.png","datePublished":"2017-08-24T09:28:08+00:00","dateModified":"2019-12-29T14:30:22+00:00","breadcrumb":{"@id":"https:\/\/www.olibec.com\/#breadcrumb"},"inLanguage":"fr-CA","potentialAction":[{"@type":"ReadAction","target":["https:\/\/www.olibec.com\/"]}]},{"@type":"ImageObject","inLanguage":"fr-CA","@id":"https:\/\/www.olibec.com\/#primaryimage","url":"http:\/\/www.olibec.com\/wp-content\/uploads\/2017\/08\/Olibec3-1.png","contentUrl":"http:\/\/www.olibec.com\/wp-content\/uploads\/2017\/08\/Olibec3-1.png"},{"@type":"BreadcrumbList","@id":"https:\/\/www.olibec.com\/#breadcrumb","itemListElement":[{"@type":"ListItem","position":1,"name":"Accueil","item":"https:\/\/www.olibec.com\/"},{"@type":"ListItem","position":2,"name":"Huile d&rsquo;olive et d&rsquo;autres produits fins de Catalogne"}]},{"@type":"WebSite","@id":"https:\/\/www.olibec.com\/#website","url":"https:\/\/www.olibec.com\/","name":"Olibec","description":"Huile d&#039;olive et d&#039;autres produits fins de Catalogne","publisher":{"@id":"https:\/\/www.olibec.com\/#organization"},"potentialAction":[{"@type":"SearchAction","target":{"@type":"EntryPoint","urlTemplate":"https:\/\/www.olibec.com\/?s={search_term_string}"},"query-input":{"@type":"PropertyValueSpecification","valueRequired":true,"valueName":"search_term_string"}}],"inLanguage":"fr-CA"},{"@type":"Organization","@id":"https:\/\/www.olibec.com\/#organization","name":"Olibec","url":"https:\/\/www.olibec.com\/","logo":{"@type":"ImageObject","inLanguage":"fr-CA","@id":"https:\/\/www.olibec.com\/#\/schema\/logo\/image\/","url":"https:\/\/www.olibec.com\/wp-content\/uploads\/2018\/11\/cropped-logo-olibec-oct-2018-1.jpg","contentUrl":"https:\/\/www.olibec.com\/wp-content\/uploads\/2018\/11\/cropped-logo-olibec-oct-2018-1.jpg","width":564,"height":166,"caption":"Olibec"},"image":{"@id":"https:\/\/www.olibec.com\/#\/schema\/logo\/image\/"},"sameAs":["https:\/\/www.facebook.com\/olibecMTL"]}]}},"jetpack_sharing_enabled":true,"jetpack_shortlink":"https:\/\/wp.me\/P9Im8O-2","_links":{"self":[{"href":"https:\/\/www.olibec.com\/index.php\/wp-json\/wp\/v2\/pages\/2","targetHints":{"allow":["GET"]}}],"collection":[{"href":"https:\/\/www.olibec.com\/index.php\/wp-json\/wp\/v2\/pages"}],"about":[{"href":"https:\/\/www.olibec.com\/index.php\/wp-json\/wp\/v2\/types\/page"}],"author":[{"embeddable":true,"href":"https:\/\/www.olibec.com\/index.php\/wp-json\/wp\/v2\/users\/2"}],"replies":[{"embeddable":true,"href":"https:\/\/www.olibec.com\/index.php\/wp-json\/wp\/v2\/comments?post=2"}],"version-history":[{"count":73,"href":"https:\/\/www.olibec.com\/index.php\/wp-json\/wp\/v2\/pages\/2\/revisions"}],"predecessor-version":[{"id":7550,"href":"https:\/\/www.olibec.com\/index.php\/wp-json\/wp\/v2\/pages\/2\/revisions\/7550"}],"wp:attachment":[{"href":"https:\/\/www.olibec.com\/index.php\/wp-json\/wp\/v2\/media?parent=2"}],"curies":[{"name":"wp","href":"https:\/\/api.w.org\/{rel}","templated":true}]}}